{"id":6,"date":"2022-04-01T22:35:48","date_gmt":"2022-04-01T22:35:48","guid":{"rendered":"http:\/\/tcm-glarus.ch\/?page_id=6"},"modified":"2022-04-25T13:32:34","modified_gmt":"2022-04-25T13:32:34","slug":"ueber-uns","status":"publish","type":"page","link":"https:\/\/tcm-glarus.ch\/index.php\/ueber-uns\/","title":{"rendered":"\u00dcber uns"},"content":{"rendered":"\n<h2 class=\"wp-block-heading\"><\/h2>\n\n\n\n<p class=\"wp-block-paragraph\"><img decoding=\"async\" src=\"\">Im Januar 2007 wurde der Verein f\u00fcr traditionelle chinesische Medizin\/ TCM in Glarus gegr\u00fcndet.\u00a0<\/p>\n\n\n\n<p class=\"wp-block-paragraph\">Der Verein bezweckt die F\u00f6rderung der Traditionellen Chinesischen Medizin im Glarnerland. Dieses Ziel soll vor allem erreicht werden durch:\u00a0<\/p>\n\n\n\n<ul class=\"wp-block-list\"><li>Praktische und theoretische Weiterbildung der Mitglieder<\/li><li>Durchf\u00fchrung und Organisation von \u00f6ffentlichen Vortr\u00e4gen<\/li><li>Zusammenarbeit mit anderen Vereinen und Berufsverb\u00e4nden f\u00fcr TCM<\/li><li>Vertreten der Interessen der TCM Praktizierenden gegen\u00fcber Beh\u00f6rden und Bev\u00f6lkerung im Glarnerland.<\/li><li>Schaffung, Pflege und Zusammenarbeit von nationalen und internationalen Kontakten<\/li><\/ul>\n\n\n\n<p class=\"wp-block-paragraph\"><strong>Vorstand<\/strong> &nbsp;&nbsp;&nbsp; &nbsp; &nbsp; &nbsp; &nbsp; &nbsp; &nbsp; &nbsp;<\/p>\n\n\n\n<figure class=\"wp-block-table\"><table><tbody><tr><td>Pr\u00e4sident:<\/td><td>Roger Schiesser<\/td><\/tr><tr><td>Kassier:<\/td><td>Nicole Jenny-Marzella<\/td><\/tr><tr><td>Aktuar:<\/td><td>Melitta Zopfi<\/td><\/tr><tr><td>Beisitzer:<\/td><td>Joseph Erdin<\/td><\/tr><\/tbody><\/table><\/figure>\n","protected":false},"excerpt":{"rendered":"<p>Im Januar 2007 wurde der Verein f\u00fcr traditionelle chinesische Medizin\/ TCM in Glarus gegr\u00fcndet.\u00a0 Der Verein bezweckt die F\u00f6rderung der Traditionellen Chinesischen Medizin im Glarnerland. Dieses Ziel soll vor allem erreicht werden durch:\u00a0 Praktische und theoretische Weiterbildung der Mitglieder Durchf\u00fchrung und Organisation von \u00f6ffentlichen Vortr\u00e4gen Zusammenarbeit mit anderen Vereinen und Berufsverb\u00e4nden f\u00fcr TCM Vertreten der&hellip; <a class=\"more-link\" href=\"https:\/\/tcm-glarus.ch\/index.php\/ueber-uns\/\"><span class=\"screen-reader-text\">\u00dcber uns<\/span> weiterlesen<\/a><\/p>\n","protected":false},"author":1,"featured_media":0,"parent":0,"menu_order":0,"comment_status":"closed","ping_status":"closed","template":"","meta":{"footnotes":""},"class_list":["post-6","page","type-page","status-publish","hentry","entry"],"_links":{"self":[{"href":"https:\/\/tcm-glarus.ch\/index.php\/wp-json\/wp\/v2\/pages\/6","targetHints":{"allow":["GET"]}}],"collection":[{"href":"https:\/\/tcm-glarus.ch\/index.php\/wp-json\/wp\/v2\/pages"}],"about":[{"href":"https:\/\/tcm-glarus.ch\/index.php\/wp-json\/wp\/v2\/types\/page"}],"author":[{"embeddable":true,"href":"https:\/\/tcm-glarus.ch\/index.php\/wp-json\/wp\/v2\/users\/1"}],"replies":[{"embeddable":true,"href":"https:\/\/tcm-glarus.ch\/index.php\/wp-json\/wp\/v2\/comments?post=6"}],"version-history":[{"count":2,"href":"https:\/\/tcm-glarus.ch\/index.php\/wp-json\/wp\/v2\/pages\/6\/revisions"}],"predecessor-version":[{"id":35,"href":"https:\/\/tcm-glarus.ch\/index.php\/wp-json\/wp\/v2\/pages\/6\/revisions\/35"}],"wp:attachment":[{"href":"https:\/\/tcm-glarus.ch\/index.php\/wp-json\/wp\/v2\/media?parent=6"}],"curies":[{"name":"wp","href":"https:\/\/api.w.org\/{rel}","templated":true}]}}